{"id":23,"date":"2013-09-18T20:36:44","date_gmt":"2013-09-18T18:36:44","guid":{"rendered":"https:\/\/dolinawiedzy.pl\/pd\/?page_id=23"},"modified":"2026-02-09T09:17:48","modified_gmt":"2026-02-09T08:17:48","slug":"rejestracja-info","status":"publish","type":"page","link":"https:\/\/dolinawiedzy.pl\/dut\/rejestracja-info\/","title":{"rendered":"Rejestracja"},"content":{"rendered":"\n<p class=\"has-black-color has-text-color has-link-color wp-elements-5df35af6dbcf900385b47d87ba95f080\"><strong>Semestr letni 2026<\/strong><\/p>\n\n\n\n<div class=\"wp-block-group\"><div class=\"wp-block-group__inner-container is-layout-constrained wp-block-group-is-layout-constrained\">\n<div class=\"wp-block-group\"><div class=\"wp-block-group__inner-container is-layout-constrained wp-block-group-is-layout-constrained\">\n<div class=\"wp-block-group\"><div class=\"wp-block-group__inner-container is-layout-constrained wp-block-group-is-layout-constrained\">\n<p>Zaj\u0119cia Dzieci\u0119cego Uniwersytetu Technicznego odbywaj\u0105 si\u0119 w Rzeszowie oraz w Filiach w Mielcu, D\u0119bicy, Ja\u015ble, Ustrzykach Dolnych, Zarszynie oraz Kaliszu. Zaj\u0119cia przeznaczone s\u0105 dla&nbsp;<strong><u>uczni\u00f3w szk\u00f3\u0142 podstawowych w wieku od 7 do 12 lat.<\/u><\/strong><\/p>\n\n\n\n<p><strong>Udzia\u0142 w zaj\u0119cia DUT&nbsp;<u>jest bezp\u0142atny<\/u><\/strong>.<\/p>\n\n\n\n<p><strong>UWAGA \u2013 <\/strong>zasady rekrutacji w semestrze letnim 2026 s\u0105 takie same dla wszystkich miast Dzieci\u0119cego Uniwersytetu Technicznego \u2013 Rzeszowa, Jas\u0142a, D\u0119bicy, Mielca, Ustrzyk Dolnych, Zarszyna, Kalisza.<\/p>\n\n\n\n<p><strong><u>Prosimy o zapoznanie si\u0119 z WARUNKAMI REJESTRACJI.<\/u><\/strong><\/p>\n\n\n\n<p>Przed podej\u015bciem do rekrutacji nale\u017cy zapozna\u0107 si\u0119 z <a href=\"https:\/\/dolinawiedzy.pl\/dut\/uczelnia\/plany-zajec\/\">PLANEM ZAJ\u0118\u0106<\/a> oraz <a href=\"https:\/\/dolinawiedzy.pl\/dut\/uczelnia\/regulamin\/\">REGULAMINEM.<\/a><\/p>\n\n\n\n<p>*<strong>Rekrutacja os\u00f3b z Firm Partnerskich<\/strong> prowadzona jest osobno, na innych zasadach oraz w innych terminach \u2013 podanych do wiadomo\u015bci indywidualnie ka\u017cdej z firm.<\/p>\n\n\n\n<p class=\"has-vivid-red-color has-text-color has-link-color wp-elements-a8cabf31f6109357c6bb6ba60846f445\">*Poni\u017csze terminy i harmonogram rekrutacji odnosi si\u0119 do miast DUT w<strong> woj. podkarpackim<\/strong>. Informacje o rekrutacji DUT w <strong>woj. wielkopolskim (Kalisz) <\/strong>dost\u0119pne s\u0105 <a href=\"https:\/\/dolinawiedzy.pl\/dut-wielkopolska\/rekrutacja\/\"> <strong>TUTAJ <\/strong><\/a><\/p>\n\n\n\n<hr class=\"wp-block-separator has-alpha-channel-opacity\"\/>\n\n\n\n<p><strong>Semestr letni 2026<\/strong><\/p>\n\n\n\n<p class=\"has-vivid-red-color has-text-color has-link-color wp-elements-caa04b52739d09048a72c5135ce7fa1e\"><strong>Rekrutacja na semestr letni 2026 we wszystkich miastach Dzieci\u0119cego Uniwersytetu Technicznego w woj. podkarpackim b\u0119dzie aktywna od 9 lutego godz. 10.00 do 16 lutego 2026 (w\u0142\u0105cznie).&nbsp;<\/strong><\/p>\n\n\n\n<p><strong>W podanym terminie prowadzone s\u0105 zapisy wszystkich ch\u0119tnych, natomiast wyniki rekrutacji (osoby wylosowane na wyk\u0142ady) pojawi\u0105 si\u0119 na koncie u\u017cytkownika DUT dn. 18 lutego 2026 r. <\/strong><\/p>\n\n\n\n<p><strong><u>Harmonogram rekrutacji:<\/u><\/strong><\/p>\n\n\n\n<ol class=\"wp-block-list\">\n<li><strong>9 luty 2026r., godz. 10:00 \u2013<\/strong> start rekrutacji, zapisy wszystkich ch\u0119tnych na wyk\u0142ady DUT poprzez konto u\u017cytkownika na stronie <a href=\"http:\/\/www.dolinawiedzy.pl\/dut\">www.dolinawiedzy.pl\/dut<\/a>&nbsp; (Rzesz\u00f3w, Jas\u0142o, Mielec, D\u0119bica, Ustrzyki Dolne, Zarszyn, Kalisz)<\/li>\n\n\n\n<li><strong>16 luty 2026r., godz. 23:59<\/strong> \u2013 koniec zapis\u00f3w na wyk\u0142ady. Zamkni\u0119cie listy ch\u0119tnych.<\/li>\n\n\n\n<li><strong>18 luty 2026r<\/strong>. \u2013 losowanie listy os\u00f3b, kt\u00f3re dostan\u0105 si\u0119 na wyk\u0142ady DUT oraz losowanie listy rezerwowej (ka\u017cda filia DUT) Wyniki dost\u0119pne b\u0119d\u0105 na koncie DUT u\u017cytkownika w zak\u0142adce \u201eMoje zaj\u0119cia\u201d po godz. 13:00. Po tej godzinie osobom wylosowanym pojawi si\u0119 na koncie r\u00f3wnie\u017c numer przypisanej grupy oraz harmonogram zaj\u0119\u0107.&nbsp;<\/li>\n\n\n\n<li><strong>23 luty 2026r<\/strong>.<strong> godz. 10:00 <\/strong>\u2013 start zapis\u00f3w na warsztaty poprzez konto u\u017cytkownika \u2013 w zak\u0142adce \u201eRejestracja na warsztaty\u201d. Na warsztaty zapisa\u0107 mog\u0105 si\u0119 tylko osoby wylosowane wcze\u015bniej na wyk\u0142ady. Podczas zapis\u00f3w na warsztaty obowi\u0105zuje kolejno\u015b\u0107 zg\u0142osze\u0144 i limit miejsc (Rzesz\u00f3w, Jas\u0142o, Mielec, D\u0119bica, Ustrzyki Dolne, Zarszyn)<\/li>\n\n\n\n<li><strong>27 luty 2026 r. godz. 23:59<\/strong> \u2013 koniec zapis\u00f3w na warsztaty. Zamkni\u0119cie list warsztatowych.<\/li>\n<\/ol>\n\n\n\n<p>Uwaga! Liczba dost\u0119pnych miejsc na wyk\u0142ady oraz warsztaty DUT r\u00f3\u017cni si\u0119 w zale\u017cno\u015bci od miasta, w kt\u00f3rym prowadzone s\u0105 zaj\u0119cia.<\/p>\n\n\n\n<ul class=\"wp-block-list\">\n<li>DUT Rzesz\u00f3w \u2013 300 miejsc wyk\u0142adowych (3 grupy), 120 miejsc warsztatowych (6 grup)<\/li>\n\n\n\n<li>DUT Jas\u0142o \u2013 160 miejsc wyk\u0142adowych (2 grupy), 120 miejsc warsztatowych (6 grup)<\/li>\n\n\n\n<li>DUT D\u0119bica \u2013 160 miejsc wyk\u0142adowych (2 grupy), 120 miejsc warsztatowych (6 grup)<\/li>\n\n\n\n<li>DUT Mielec \u2013 160 miejsc wyk\u0142adowych (2 grupy), 120 miejsc warsztatowych (6 grup)<\/li>\n\n\n\n<li>DUT Ustrzyki Dolne \u2013 60 miejsc wyk\u0142adowych (1 grupa), 60 miejsc warsztatowych (4 grupy)<\/li>\n\n\n\n<li>DUT Zarszyn \u2013 60 miejsc wyk\u0142adowych (1 grupa), 60 miejsc warsztatowych (4 grupy)<\/li>\n<\/ul>\n\n\n\n<p>Rekrutuj\u0105c si\u0119 na wyk\u0142ady w terminie <strong>9 &#8211; 16 luty 2026 nale\u017cy&nbsp;zapisa\u0107 si\u0119 do grupy otwartej<\/strong>. Grupy dedykowane danym firmom podlegaj\u0105 osobnej rekrutacji i odr\u0119bnym terminom.<\/p>\n\n\n\n<p><strong><u>Przed rejestracj\u0105 dziecka prosimy zapozna\u0107 si\u0119 z <\/u><\/strong><a href=\"https:\/\/dolinawiedzy.pl\/dut\/uczelnia\/plany-zajec\/\"><strong>PLANAMI ZAJ\u0118\u0106<\/strong><\/a><strong><u> oraz &nbsp;<\/u><\/strong><a href=\"https:\/\/dolinawiedzy.pl\/dut\/uczelnia\/regulamin\/\"><strong>Regulaminem DUT&nbsp;<\/strong><\/a><strong><u>&nbsp;a, tak\u017ce WARUNKAMI REJESTRACJI dla ka\u017cdego miasta (poni\u017cej).<\/u><\/strong><\/p>\n\n\n\n<p><a href=\"https:\/\/dolinawiedzy.pl\/dut\/rejestracja\"><strong>ZA\u0141\u00d3\u017b KONTO<\/strong><\/a><\/p>\n\n\n\n<p><a href=\"https:\/\/dolinawiedzy.pl\/dut\/logowanie\"><strong>ZALOGUJ SI\u0118<\/strong><\/a><\/p>\n\n\n\n<p><a href=\"https:\/\/dolinawiedzy.pl\/dut\/wp-content\/uploads\/sites\/9\/2024\/09\/Przewodnik-rekrutacja-ogolna-letni-24-1.pdf\">PRZEWODNIK PO REKRUTACJI<\/a><\/p>\n\n\n\n<p><strong>WARUNKI REJESTRACJI<\/strong><\/p>\n\n\n\n<p>Na zaj\u0119cia mog\u0105 ucz\u0119szcza\u0107 dzieci&nbsp;w wieku 7-12 lat b\u0119d\u0105ce uczniami szko\u0142y podstawowej (min. 1 klasa, dzieci z zer\u00f3wek przedszkolnych nie mog\u0105 bra\u0107 udzia\u0142u w zaj\u0119ciach)&nbsp;oraz spe\u0142niaj\u0105ce nast\u0119puj\u0105ce warunki dla poszczeg\u00f3lnych lokalizacji Dzieci\u0119cego Uniwersytetu Technicznego:<\/p>\n\n\n\n<ul class=\"wp-block-list\">\n<li><strong>Dzieci\u0119cy Uniwersytet Techniczny w Rzeszowie:<\/strong>&nbsp;uczniowie szk\u00f3\u0142 podstawowych w wieku 7-12 lat zamieszkuj\u0105cy na terenie wojew\u00f3dztwa podkarpackiego.<\/li>\n<\/ul>\n\n\n\n<p>\u0141\u0105cznie: 300 miejsc wyk\u0142adowych (3 grupy), 120 miejsc warsztatowych (6 grup)<\/p>\n\n\n\n<p>Firmy Partnerskie z obowi\u0105zuj\u0105cym limitem miejsc i osobn\u0105 rekrutacj\u0105 (2-5 lutego 2026 r., 6 lutego odb\u0119dzie si\u0119 losowanie miejsc):<\/p>\n\n\n\n<ul class=\"wp-block-list\">\n<li>Pratt&amp;Whitney Rzesz\u00f3w \u2013 20 miejsc<\/li>\n<\/ul>\n\n\n\n<p><\/p>\n\n\n\n<ul class=\"wp-block-list\">\n<li><strong>Dzieci\u0119cy Uniwersytet Techniczny w D\u0119bicy:&nbsp;<\/strong>uczniowie szk\u00f3\u0142 podstawowych w wieku 7-12 lat mieszkaj\u0105cy na terenie powiatu d\u0119bickiego.<\/li>\n<\/ul>\n\n\n\n<p>\u0141\u0105cznie: 160 miejsc wyk\u0142adowych (2 grupy), 120 miejsc warsztatowych (6 grup)<\/p>\n\n\n\n<p>Firmy Partnerskie z obowi\u0105zuj\u0105cym limitem miejsc i osobn\u0105 rekrutacj\u0105 (2-5 lutego 2026 r.):<\/p>\n\n\n\n<ul class=\"wp-block-list\">\n<li>Firma Oponiarska D\u0119bica S.A. i Goodyear Polska Sp. z o.o \u2013 20 miejsc<\/li>\n\n\n\n<li>BPiON &#8211; 20 miejsc<\/li>\n\n\n\n<li>Darco Sp. z o.o. \u2013 6 miejsc<\/li>\n\n\n\n<li>Nicrometal S.A \u2013 6 miejsc<\/li>\n<\/ul>\n\n\n\n<p><\/p>\n\n\n\n<ul class=\"wp-block-list\">\n<li><strong>Dzieci\u0119cy Uniwersytet Techniczny w Mielcu:<\/strong>&nbsp;uczniowie szk\u00f3\u0142 podstawowych w wieku 7-12 lat zamieszkuj\u0105cy na terenie powiatu mieleckiego.&nbsp;<\/li>\n<\/ul>\n\n\n\n<p>\u0141\u0105cznie: 160 miejsc wyk\u0142adowych (2 grupy), 120 miejsc warsztatowych (6 grup)<\/p>\n\n\n\n<p>Firmy Partnerskie z obowi\u0105zuj\u0105cym limitem miejsc i osobn\u0105 rekrutacj\u0105 (2-5 lutego 2026 r.):<\/p>\n\n\n\n<ul class=\"wp-block-list\">\n<li>PZL Mielec \u2013 30 miejsc<\/li>\n\n\n\n<li>CKPiDN \u2013 9 miejsc<\/li>\n<\/ul>\n\n\n\n<p><\/p>\n\n\n\n<ul class=\"wp-block-list\">\n<li><strong>Dzieci\u0119cy Uniwersytet Techniczny w Ja\u015ble:<\/strong>&nbsp;uczniowie szk\u00f3\u0142 podstawowych w wieku 7-12 lat zamieszkuj\u0105cy na terenie powiatu jasielskiego.&nbsp;<\/li>\n<\/ul>\n\n\n\n<p>\u0141\u0105cznie: 160 miejsc wyk\u0142adowych (2 grupy), 120 miejsc warsztatowych (6 grup)<\/p>\n\n\n\n<p>Firmy Partnerskie z obowi\u0105zuj\u0105cym limitem miejsc i osobn\u0105 rekrutacj\u0105 (2-5 lutego 2026 r.):<\/p>\n\n\n\n<ul class=\"wp-block-list\">\n<li>Nowy Styl \u2013 30 miejsc<\/li>\n\n\n\n<li>Jasielskie Stowarzyszenie Przedsi\u0119biorc\u00f3w \u2013 20 miejsca<\/li>\n<\/ul>\n\n\n\n<p><\/p>\n\n\n\n<ul class=\"wp-block-list\">\n<li><strong>Dzieci\u0119cy Uniwersytet Techniczny w Ustrzykach Dolnych:<\/strong>&nbsp;uczniowie szk\u00f3\u0142 podstawowych w wieku 7-12 lat zamieszkuj\u0105cy na terenie gminy Ustrzyki Dolne<\/li>\n<\/ul>\n\n\n\n<p>\u0141\u0105cznie: 60 miejsc wyk\u0142adowych (1 grupa), 60 miejsc warsztatowych (4 grupy)<\/p>\n\n\n\n<ul class=\"wp-block-list\">\n<li><strong>Dzieci\u0119cy Uniwersytet Techniczny w Zarszynie:<\/strong>&nbsp;uczniowie szk\u00f3\u0142 podstawowych w wieku 7-12 lat zamieszkuj\u0105cy na terenie gminy Zarszyn<\/li>\n<\/ul>\n\n\n\n<p>\u0141\u0105cznie: 60 miejsc wyk\u0142adowych (1 grupa), 60 miejsc warsztatowych (4 grupy)<\/p>\n\n\n\n<hr class=\"wp-block-separator has-alpha-channel-opacity\"\/>\n\n\n\n<p><strong>\u201eREJESTRACJA KROK PO KROKU\u201d<\/strong><\/p>\n\n\n\n<p>Prosimy o dok\u0142adne zapoznanie si\u0119 z kr\u00f3tkim przewodnikiem po rejestracji.<\/p>\n\n\n\n<p><a href=\"https:\/\/dolinawiedzy.pl\/dut\/wp-content\/uploads\/sites\/9\/2024\/09\/Przewodnik-rekrutacja-ogolna-letni-24-1.pdf\">PRZEWODNIK PO REKRUTACJI<\/a><\/p>\n\n\n\n<p><a href=\"https:\/\/dolinawiedzy.pl\/dut\/rejestracja\"><strong>ZA\u0141\u00d3\u017b KONTO<\/strong><\/a><\/p>\n\n\n\n<p><a href=\"https:\/\/dolinawiedzy.pl\/dut\/logowanie\"><strong>ZALOGUJ SI\u0118<\/strong><\/a><\/p>\n\n\n\n<p><a href=\"https:\/\/dolinawiedzy.pl\/dut\/uczelnia\/plany-zajec\/\">PLANY SEMESTRU&nbsp;<\/a><\/p>\n\n\n\n<p class=\"has-text-align-center\">&nbsp;<\/p>\n<\/div><\/div>\n<\/div><\/div>\n<\/div><\/div>\n\n\n\n<!--more-->\n\n\n\n<hr class=\"wp-block-separator has-alpha-channel-opacity\"\/>\n","protected":false},"excerpt":{"rendered":"<p>Semestr letni 2026 Zaj\u0119cia Dzieci\u0119cego Uniwersytetu Technicznego odbywaj\u0105 si\u0119 w Rzeszowie oraz w Filiach w Mielcu, D\u0119bicy, Ja\u015ble, Ustrzykach Dolnych, Zarszynie oraz Kaliszu. Zaj\u0119cia przeznaczone s\u0105 dla&nbsp;uczni\u00f3w szk\u00f3\u0142 podstawowych w wieku od 7 do 12 lat. Udzia\u0142 w zaj\u0119cia DUT&nbsp;jest bezp\u0142atny. UWAGA \u2013 zasady rekrutacji w semestrze letnim 2026 s\u0105 takie same dla wszystkich miast [&hellip;]<\/p>\n","protected":false},"author":1,"featured_media":0,"parent":0,"menu_order":3,"comment_status":"closed","ping_status":"closed","template":"fullwidth.php","meta":{"footnotes":""},"class_list":["post-23","page","type-page","status-publish","hentry"],"_links":{"self":[{"href":"https:\/\/dolinawiedzy.pl\/dut\/wp-json\/wp\/v2\/pages\/23","targetHints":{"allow":["GET"]}}],"collection":[{"href":"https:\/\/dolinawiedzy.pl\/dut\/wp-json\/wp\/v2\/pages"}],"about":[{"href":"https:\/\/dolinawiedzy.pl\/dut\/wp-json\/wp\/v2\/types\/page"}],"author":[{"embeddable":true,"href":"https:\/\/dolinawiedzy.pl\/dut\/wp-json\/wp\/v2\/users\/1"}],"replies":[{"embeddable":true,"href":"https:\/\/dolinawiedzy.pl\/dut\/wp-json\/wp\/v2\/comments?post=23"}],"version-history":[{"count":223,"href":"https:\/\/dolinawiedzy.pl\/dut\/wp-json\/wp\/v2\/pages\/23\/revisions"}],"predecessor-version":[{"id":26483,"href":"https:\/\/dolinawiedzy.pl\/dut\/wp-json\/wp\/v2\/pages\/23\/revisions\/26483"}],"wp:attachment":[{"href":"https:\/\/dolinawiedzy.pl\/dut\/wp-json\/wp\/v2\/media?parent=23"}],"curies":[{"name":"wp","href":"https:\/\/api.w.org\/{rel}","templated":true}]}}